{"id":1396,"date":"2022-03-30T09:27:15","date_gmt":"2022-03-30T09:27:15","guid":{"rendered":"https:\/\/bmcglobal.net\/politica-privacidad\/"},"modified":"2022-12-27T12:42:24","modified_gmt":"2022-12-27T12:42:24","slug":"politica-de-privacitat","status":"publish","type":"page","link":"https:\/\/bmcglobal.net\/ca\/politica-de-privacitat\/","title":{"rendered":"Pol\u00edtica de privacitat"},"content":{"rendered":"\n<p><strong>IMPORTANT<\/strong>: li convidem que llegeixi detingudament aquesta Declaraci\u00f3 de Privacitat per a con\u00e8ixer per qu\u00e8 recopilem les seves dades personals i com s\u00f3n processats aquestes dades per Promoinversora del Vall\u00e8s, S.L., Arim\u00f3n, 60-64, 08202, Sabadell, Barcelona.<\/p>\n<p>Aquesta pol\u00edtica est\u00e0 subjecta a canvis per la qual cosa \u00e9s convenient consultar-la cada vegada que Ud decideixi visitar-nos.<\/p>\n<p class=\"title-3\">\u00c0MBIT<\/p>\n<p>Aquesta declaraci\u00f3 de privacitat en l\u00ednia de Promoinversora del Vall\u00e8s, S.L., \u00e9s p\u00fablica i accessible a tots els usuaris i clients de Promoinversora del Vall\u00e8s, S.L., i s&#8217;aplica a tots els llocs web de Promoinversora del Vall\u00e8s, S.L. sent www.promoviatges.cat el lloc o domini principal.<\/p>\n<p>Tamb\u00e9 s&#8217;aplica a aquells documents o missatges emesos per Promoinversora del Vall\u00e8s, S.L. que enllacen a aquesta pol\u00edtica o declaraci\u00f3 de privacitat o, en el seu cas, indiquen que s&#8217;accedeixi a ella perqu\u00e8 Vost\u00e8 conegui l&#8217;\u00fas que fa Promoinversora del Vall\u00e8s, S.L. de les seves dades personals.<\/p>\n<p>A continuaci\u00f3, l&#8217;informem de manera general sobre els usos de la seva informaci\u00f3 personal. Posteriorment es detallen aquests usos i tractaments.<\/p>\n<p>\u00a0<\/p>\n<p class=\"title-3\">INFORMACI\u00d3 PERSONAL QUE RECOLLIM<\/p>\n<p>Informaci\u00f3 sobre l&#8217;\u00fas de dades de car\u00e0cter personal, segons el que es disposa en el Reglament (UE) 2016\/679 del Parlament Europeu i del Consell de 27 d&#8217;abril de 2016 relatiu a la protecci\u00f3 de les persones f\u00edsiques, pel que fa al tractament de dades personals i a la lliure circulaci\u00f3 d&#8217;aquestes dades (RGPD) i la Llei org\u00e0nica 3\/2018, de 5 de desembre, de Protecci\u00f3 de Dades Personals i Garantia dels Drets Digitals, que adapta el Reglament a l&#8217;ordenament jur\u00eddic espanyol i completa i desenvolupa les seves disposicions.<\/p>\n<p>Promoinversora del Vall\u00e8s, S.L. respecta el seu dret a la intimitat i aplica tota la normativa vigent a fi de protegir les dades personals dels seus clients i usuaris.<\/p>\n<p>Les seves dades personals s\u00f3n tractats amb la m\u00e0xima confidencialitat, havent adoptat Promoinversora del Vall\u00e8s, S.L., com a Responsable del Tractament, les mesures d&#8217;ordre t\u00e8cnic i organitzatiu necess\u00e0ries per a garantir la confidencialitat i seguretat de les dades personals, evitant la seva alteraci\u00f3, p\u00e8rdua, tractament o acc\u00e9s no autoritzat.<\/p>\n<p>Perqu\u00e8 Vost\u00e8 pugui rebre informaci\u00f3 i, en el seu cas, poder reservar o usar els productes i serveis que Promoinversora del Vall\u00e8s, S.L. ofereix a trav\u00e9s del\/de els assetjo\/s de Promoinversora del Vall\u00e8s, S.L., \u00e9s necessari que ens informi d&#8217;unes certes dades personals necess\u00e0ries per a poder, aix\u00ed, personalitzar-li els nostres serveis i ajustar-los als seus interessos i necessitats.<\/p>\n<p>Li recordem que \u00e9s deure de l&#8217;usuari fer-nos saber qualsevol canvi que es produeixi en les seves dades, a Promoinversora del Vall\u00e8s, S.L., i que hagu\u00e9s registrat els nostres llocs, per a procedir al seu manteniment en els fitxers corresponents.<\/p>\n<p>Per a millorar els serveis que li oferim, \u00e9s possible que en finalitzar el servei que li prestem, rebi una enquesta de satisfacci\u00f3. En ella se li demanar\u00e0 una valoraci\u00f3 dels serveis rebuts i un breu comentari sobre l&#8217;experi\u00e8ncia viscuda.<\/p>\n<p>Recopilem la seva informaci\u00f3 personal per diversos motius:<\/p>\n<ul>\n<li>Atendre sol\u00b7licituds de serveis<\/li>\n<li>Realitzaci\u00f3 dels serveis<\/li>\n<li>Confecci\u00f3 de pressupostos<\/li>\n<li>Enviar-li missatges d&#8217;estat dels serveis en curs<\/li>\n<li>Enviament de promocions que considerem interessants per als nostres clients<\/li>\n<li>Enquestes de qualitat i de satisfacci\u00f3 per a la millora dels serveis que realitza Promoinversora del Vall\u00e8s, S.L.<\/li>\n<li>Emplenament de la documentaci\u00f3 necess\u00e0ria per al proc\u00e9s de qualsevol incident\/assist\u00e8ncia cobert per a la seva companyia asseguradora<\/li>\n<\/ul>\n<p>A m\u00e9s, podem recopilar informaci\u00f3 relacionada amb el seu \u00fas dels nostres llocs web a trav\u00e9s de diverses tecnologies, com l&#8217;\u00fas de cookies.<\/p>\n<p>Podr\u00e0 revocar aquest consentiment en qualsevol moment, aix\u00ed com exercitar els seus drets d&#8217;acc\u00e9s, rectificaci\u00f3, supressi\u00f3, limitaci\u00f3 del tractament, oblit, portabilitat de dades i oposici\u00f3 pels mitjans indicats en el cap\u00edtol \u201cEXERCICI DE DRETS\u201d del present document.<\/p>\n<p>\u00a0<\/p>\n<p class=\"title-3\">MANERES DE RECOLLIDA<\/p>\n<p>Promoinversora del Vall\u00e8s, S.L. recull dades personals a trav\u00e9s de diversos canals: en el lloc web www.promoviatges.cat, en el centre d&#8217;atenci\u00f3 telef\u00f2nica de Promoinversora del Vall\u00e8s, S.L.; en els mateixos centres f\u00edsics de Promoinversora del Vall\u00e8s, S.L., a l&#8217;hora de sol\u00b7licitar un pressupost o un servei; en la p\u00e0gina de Promoinversora del Vall\u00e8s, S.L.en Instagram; en la p\u00e0gina de Promoinversora del Vall\u00e8s, S.L.en LinkedIn.<\/p>\n<p>En tot cas i sempre que sigui aplicable li donarem l&#8217;opci\u00f3 de negar-se al fet que usem les seves dades amb finalitats d&#8217;enviaments o comunicacions publicit\u00e0ries.<\/p>\n<p>\u00a0<\/p>\n<p class=\"title-3\">COMUNICACI\u00d3 A TERCERS<\/p>\n<p>Per a la gesti\u00f3 i empleno de l&#8217;objecte del contracte, pot resultar necessari (i obligatori per a la prestaci\u00f3 del servei), que les seves dades (inclosa informaci\u00f3 sobre al\u00b7l\u00e8rgies, intoler\u00e0ncies aliment\u00e0ries, etc.), hagin de ser comunicats a prove\u00efdors com ara companyies a\u00e8ries, navilieres, hotels i altres prove\u00efdors de serveis, els quals estaran obligats a utilitzar les dades, exclusivament, per a donar compliment a l&#8217;objecte del contracte.<\/p>\n<p>Aquests prove\u00efdors, depenent del pa\u00eds de destinaci\u00f3 del seu viatge, podran estar situats en pa\u00efsos per als quals sigui necessari realitzar una transfer\u00e8ncia internacional de dada incloent, si fos el cas,<\/p>\n<p>aquells que no ofereixin un nivell de protecci\u00f3 equiparable a l&#8217;exigida per la UE, considerant-se per tant una transfer\u00e8ncia internacional de dades autoritzada expressament per l&#8217;interessat.<\/p>\n<p>De la mateixa manera i conforme a la Legislaci\u00f3 Federal dels Estats Units d&#8217;Am\u00e8rica, les seves dades personals seran accessibles al Departament de Duanes dels Estats Units en cas que contracti un vol que tingui origen, destinaci\u00f3 o escala en aquest pa\u00eds.<\/p>\n<p>Ens autoritza la comunicaci\u00f3 de les dades com a Nom, NIF, Dades Banc\u00e0ries, etc., a les Entitats Financeres amb les quals treballa Promoinversora del Vall\u00e8s, S.L. \u00fanicament als efectes de gestionar les transfer\u00e8ncies, cobraments i pagaments al fet que doni lloc la relaci\u00f3 comercial i l&#8217;\u00fas dels nostres serveis.<\/p>\n<p>Finalment, Vost\u00e8 ens autoritza al fet que puguem enviar la informaci\u00f3 necess\u00e0ria per al proc\u00e9s de qualsevol incident\/assist\u00e8ncia cobert per a la seva companyia asseguradora i que aquesta pugui requerir.<\/p>\n<p>\u00a0<\/p>\n<p class=\"title-3\">TRACTAMENTS I USOS<\/p>\n<p>Vost\u00e8 podr\u00e0 revocar en tot moment l&#8217;autoritzaci\u00f3 que hagi atorgat a fi de permetre que les seves dades siguin utilitzades d&#8217;una manera espec\u00edfica. Aquesta revocaci\u00f3 d&#8217;autoritzaci\u00f3 no podr\u00e0 tenir efecte retroactiu.<\/p>\n<p><strong>Realitzaci\u00f3 i gesti\u00f3 del servei contractat i facturaci\u00f3<\/strong><\/p>\n<p>Sense les dades sol\u00b7licitades no ser\u00e0 possible la realitzaci\u00f3 del servei.<\/p>\n<p>Les dades personals, aix\u00ed com els relatius al servei seran conservats en els nostres fitxers durant el temps necessari per a poder fer efectiva la garantia del servei prestat (5 anys).<\/p>\n<p>Les dades relatives a la facturaci\u00f3 del servei seran conservats en els nostres fitxers durant el temps necessari per a complir amb les obligacions legals i fiscals aplicables als serveis realitzats per Promoinversora del Vall\u00e8s, S.L. (5 anys + l&#8217;any en curs).<\/p>\n<p>Sobre aquest tractament de dades, Vost\u00e8 podr\u00e0, en cas que ho consideri necessari, exercir els seg\u00fcents drets:<\/p>\n<ul>\n<li>D&#8217;acc\u00e9s per a con\u00e8ixer quines dades conservem i tractem.<\/li>\n<li>De rectificaci\u00f3 en el cas que consideri que les dades no s\u00f3n correctes o b\u00e9 perqu\u00e8 han canviat (per exemple, les seves dades de contacte).<\/li>\n<\/ul>\n<p><strong>Tractament de consultes<\/strong><\/p>\n<p>Les dades personals, de contacte, imatges, seran conservats en els nostres fitxers durant el temps necessari per a poder realitzar la gesti\u00f3 sol\u00b7licitada.<\/p>\n<p>Sobre aquest tractament de dades, Vost\u00e8 podr\u00e0, en cas que ho consideri necessari, exercir els seg\u00fcents drets:<\/p>\n<ul>\n<li>D&#8217;acc\u00e9s per a con\u00e8ixer quines dades conservem i tractem.<\/li>\n<li>D&#8217;oposici\u00f3 i limitaci\u00f3, perqu\u00e8 les dades personals no siguin tractats -des que es tramiti la seva sol\u00b7licitud- per a la finalitat del servei d&#8217;informaci\u00f3.<\/li>\n<li>De rectificaci\u00f3 en el cas que consideri que les dades no s\u00f3n correctes o b\u00e9 perqu\u00e8 han canviat.<\/li>\n<li>D&#8217;esborrat o supressi\u00f3 en cas que ens retiri el seu consentiment per a aquest tractament.<\/li>\n<\/ul>\n<p><strong>Servei de Qualitat<\/strong><\/p>\n<p>Per a complir amb els nostres compromisos de qualitat amb el client, puntualment realitzem una enquesta destinada a con\u00e8ixer la satisfacci\u00f3 amb els treballs realitzats als nostres clients i usuaris per a, aix\u00ed, poder millorar els nostres serveis.<\/p>\n<p>Aquestes enquestes s&#8217;efectuen per mitjans electr\u00f2nics (es rep un e-mail amb enlla\u00e7 a la web on es realitza l&#8217;enquesta) i en elles no es recull cap dada personal addicional als quals Vost\u00e8 ens hagi proporcionat pr\u00e8viament.<\/p>\n<p>En qualsevol cas, les dades personals de contacte recopilats amb la finalitat d&#8217;enviar-li l&#8217;enquesta de qualitat \u00fanicament seran utilitzats si vost\u00e8 ens atorga el seu consentiment expl\u00edcit.<\/p>\n<p>Les dades personals referents a aquest tractament seran conservats per a aix\u00f2 durant 3 mesos.<\/p>\n<p>Sobre aquest tractament de dades Vost\u00e8 podr\u00e0, en cas que ho consideri necessari, exercir els seg\u00fcents drets:<\/p>\n<ul>\n<li>D&#8217;oposici\u00f3 i limitaci\u00f3, perqu\u00e8 les dades personals no siguin tractats -des que es tramiti la seva sol\u00b7licitud- per a la finalitat del servei de qualitat.<\/li>\n<li>De rectificaci\u00f3 en el cas que consideri que les dades no s\u00f3n correctes o b\u00e9 perqu\u00e8 han canviat.<\/li>\n<\/ul>\n<p><strong>Informaci\u00f3 sobre els serveis de Promoinversora del Vall\u00e8s, S.L.<\/strong><\/p>\n<p>Per a mantenir-li informat sobre els serveis de prestats per Promoinversora del Vall\u00e8s, S.L. i de les promocions puntuals, requerim tractar les seves dades de contacte.<\/p>\n<p>D&#8217;altra banda, en cada comunicaci\u00f3 enviada se li oferir\u00e0 l&#8217;oportunitat de donar-se de baixa d&#8217;aquestes; addicionalment vost\u00e8 pot exercir els drets indicats a continuaci\u00f3 en qualsevol moment.<\/p>\n<p>Sobre aquest tractament de dades Vost\u00e8 podr\u00e0, en cas que ho consideri necessari, exercir els seg\u00fcents drets:<\/p>\n<ul>\n<li>D&#8217;oposici\u00f3 i limitaci\u00f3, perqu\u00e8 les dades personals no siguin tractats -des que es tramiti la seva sol\u00b7licitud- per a la finalitat del servei d&#8217;informaci\u00f3.<\/li>\n<li>De rectificaci\u00f3 en el cas que consideri que les dades no s\u00f3n correctes o b\u00e9 perqu\u00e8 han canviat.<\/li>\n<li>D&#8217;esborrat o supressi\u00f3 en cas que ens retiri el seu consentiment per a aquest tractament.<\/li>\n<\/ul>\n<p><strong>Elaboraci\u00f3 de pressupostos<\/strong><\/p>\n<p>Les dades que Vost\u00e8 ens proporcioni, per a l&#8217;elaboraci\u00f3 del pressupost, es mantindran en els nostres fitxers fins que Vost\u00e8 ens informi de la declinaci\u00f3 de la seva execuci\u00f3 o fins a passats 2 anys, una vegada transcorregut aquest termini seran esborrats. En un altre cas passaran a formar part del tractament de Realitzaci\u00f3 del Servei.<\/p>\n<p>Sobre aquest tractament de dades Vost\u00e8 podr\u00e0, en cas que ho consideri necessari, exercir els seg\u00fcents drets:<\/p>\n<ul>\n<li>D&#8217;acc\u00e9s per a con\u00e8ixer quines dades conservem i tractem.<\/li>\n<li>De rectificaci\u00f3 en el cas que consideri que les dades no s\u00f3n correctes o b\u00e9 perqu\u00e8 han canviat (per exemple, les seves dades de contacte).<\/li>\n<li>D&#8217;esborrat en el cas que desestimi definitivament l&#8217;actuaci\u00f3 pressupostada per Promoinversora del Vall\u00e8s, S.L.<\/li>\n<\/ul>\n<p><strong>Estudi de candidatures d&#8217;ocupaci\u00f3<\/strong><\/p>\n<p>Les dades que Vost\u00e8 ens proporcioni, per a participar en els nostres processos de selecci\u00f3 de personal, en cas de ser Vost\u00e8 seleccionat per a la seg\u00fcent fase, li comunicarem tal decisi\u00f3. Les dades per Vost\u00e8 proporcionats es conservaran durant un temps m\u00e0xim d&#8217;1 any passat el qual seran eliminats.<\/p>\n<p>Sobre aquest tractament de dades Vost\u00e8 podr\u00e0, en cas que ho consideri necessari, exercir els seg\u00fcents drets:<\/p>\n<ul>\n<li>D&#8217;acc\u00e9s per a con\u00e8ixer quines dades conservem i tractem.<\/li>\n<li>De rectificaci\u00f3 en el cas que consideri que les dades no s\u00f3n correctes o b\u00e9 perqu\u00e8 han canviat (per exemple, les seves dades de contacte).<\/li>\n<li>D&#8217;esborrat o supressi\u00f3 en cas que ens retiri el seu consentiment per a aquest tractament.<\/li>\n<\/ul>\n<p><strong>Servei reCAPTCHA<\/strong><\/p>\n<p>L&#8217;adre\u00e7a IP de navegaci\u00f3 ser\u00e0 enviada a Google com a part del sistema per a poder discernir un hum\u00e0 d&#8217;un sistema de farciment i enviament de formularis automatitzat.<br \/>Tots els detalls sobre la pol\u00edtica de privacitat de Google es poden llegir en la p\u00e0gina <a href=\"https:\/\/policies.google.com\/privacy?hl=es\">https:\/\/policies.google.com\/privacy?hl=es<\/a><\/p>\n<p><strong>Comunicaci\u00f3 companyies a\u00e8ries associades a IATA<\/strong><\/p>\n<p>Les dades que Vost\u00e8 ens proporcioni podran ser comunicats a les companyies a\u00e8ries per a les seg\u00fcents finalitats: Actualitzacions sobre vols en temps real, Notificacions proactives en cas d&#8217;interrupci\u00f3 del servei (cancel\u00b7lacions, retards, etc.), Actualitzacions relacionades amb l&#8217;equipatge, Enviament de la informaci\u00f3 del canvi de reserva o targeta d&#8217;embarcament de manera autom\u00e0tica, per als seg\u00fcents vols disponibles.<\/p>\n<p>Aquestes dades de contacte seran gestionats per les companyies a\u00e8ries associades a IATA baixos les seves pr\u00f2pies condicions. Podr\u00e0 consultar els aspectes relacionats amb l&#8217;\u00fas d&#8217;aquestes dades i els seus drets de protecci\u00f3 de dades en la p\u00e0gina web de la companyia a\u00e8ria que correspongui i que est\u00e0 indicada en el seu bitllet o reserva a\u00e8ria.<\/p>\n<p>\u00a0<\/p>\n<p class=\"title-3\">RECAPTCHA<\/p>\n<p>Utilitzem el servei reCAPTCHA de Google Inc. (Google) per a protegir les dades enviades a trav\u00e9s dels formularis de les p\u00e0gines dels nostres usuaris. Aquest servei permet diferenciar les dades enviades per persones dels missatges automatitzats i suposa la transmissi\u00f3 de l&#8217;adre\u00e7a IP i altres dades requerides per Google per a l&#8217;\u00fas del servei reCAPTCHA. Amb tal finalitat, les dades seran transmeses a Google per a poder ser utilitzats. L&#8217;adre\u00e7a IP ser\u00e0 encriptada per Google en els estats membres de la Uni\u00f3 Europea aix\u00ed com en els estats associats a l&#8217;espai econ\u00f2mic europeu. Nom\u00e9s en alguns casos excepcionals, les adreces IP seran transmeses al servidor de<\/p>\n<p>Google als Estats Units per a la seva encriptaci\u00f3. En nom del propietari d&#8217;aquest lloc web, Google utilitzar\u00e0 aquestes informacions per a avaluar l&#8217;\u00fas del servei per part dels usuaris. L&#8217;adre\u00e7a IP transmesa per reCAPTCHA es mantindr\u00e0 separada d&#8217;altres dades de Google. Per a aquestes dades \u00e9s v\u00e0lida la pol\u00edtica de privacitat de Google. Tots els detalls sobre la pol\u00edtica de privacitat de Google es poden llegir en la p\u00e0gina <a href=\"https:\/\/policies.google.com\/privacy?hl=es\">https:\/\/policies.google.com\/privacy?hl=es<\/a><\/p>\n<p>En utilitzar el servei reCAPTCHA, l&#8217;usuari consent el tractament de les dades sobre ell dels quals Google disposa en la forma i prop\u00f2sits a dalt establerts.<\/p>\n<p>\u00a0<\/p>\n<p class=\"title-3\">EXERCICI DE DRETS<\/p>\n<p>Vost\u00e8 pot dirigir les comunicacions escrites per a l&#8217;exercici dels seus drets a:<\/p>\n<p>Promoinversora del Vall\u00e8s, S.L.<\/p>\n<p>B-62016720<\/p>\n<p>inscrita en el Registre Mercantil de Barcelona, en el tom 31858, foli 4, fulla 198784, inscripci\u00f3 1a, remetent les seves sol\u00b7licituds a la seg\u00fcent adre\u00e7a:<\/p>\n<p>Promoinversora del Vall\u00e8s, S.L.<\/p>\n<p>Arim\u00f3n, 60-64, 08202, Sabadell, Barcelona<\/p>\n<p>Tamb\u00e9 pot dirigir les seves comunicacions a trav\u00e9s dels seg\u00fcents canals:<\/p>\n<ul>\n<li>Presencialment, en les nostres oficines<\/li>\n<li>Per correu electr\u00f2nic a l&#8217;adre\u00e7a <a href=\"mailto:rgpd@bmcglobal.net\">rgpd@bmcglobal.net<\/a><\/li>\n<li>Contactant al tel\u00e8fon +34 937484330 on estem a la seva disposici\u00f3 per a atendre-li.<\/li>\n<\/ul>\n<p>Les sol\u00b7licituds de dades enviades poden requerir que vost\u00e8 proporcioni la documentaci\u00f3 addicional necess\u00e0ria per a confirmar la seva identitat.<\/p>\n<p>En tot cas pot obtenir informaci\u00f3 general sobre la privacitat i la Protecci\u00f3 de Dades Personals en el seg\u00fcent enlla\u00e7: www.agpd.es<\/p>\n<p>\u00a0<\/p>\n<p>\u00a0<\/p>\n<p>\u00a0<\/p>\n<p>\u00a0<\/p>\n<p>\u00a0<\/p>\n<p>\u00a0<\/p>\n","protected":false},"excerpt":{"rendered":"<p>IMPORTANT: li convidem que llegeixi detingudament aquesta Declaraci\u00f3 de Privacitat per a con\u00e8ixer per qu\u00e8 recopilem les seves dades personals i com s\u00f3n processats aquestes dades per Promoinversora del Vall\u00e8s, &hellip;<\/p>\n","protected":false},"author":1,"featured_media":0,"parent":0,"menu_order":0,"comment_status":"closed","ping_status":"closed","template":"page-templates\/page-basic-page.php","meta":{"_acf_changed":false,"footnotes":""},"class_list":["post-1396","page","type-page","status-publish","hentry"],"acf":[],"yoast_head":"<!-- This site is optimized with the Yoast SEO plugin v27.4 - https:\/\/yoast.com\/product\/yoast-seo-wordpress\/ -->\n<title>Pol\u00edtica de privacitat - BMC Global<\/title>\n<meta name=\"description\" content=\"IMPORTANT: li convidem que llegeixi detingudament aquesta Declaraci\u00f3 de Privacitat per a con\u00e8ixer per qu\u00e8 recopilem les seves dades personals i com s\u00f3n\" \/>\n<meta name=\"robots\" content=\"index, follow, max-snippet:-1, max-image-preview:large, max-video-preview:-1\" \/>\n<link rel=\"canonical\" href=\"https:\/\/bmcglobal.net\/ca\/politica-de-privacitat\/\" \/>\n<meta property=\"og:locale\" content=\"ca_ES\" \/>\n<meta property=\"og:type\" content=\"article\" \/>\n<meta property=\"og:title\" content=\"Pol\u00edtica de privacitat - BMC Global\" \/>\n<meta property=\"og:description\" content=\"IMPORTANT: li convidem que llegeixi detingudament aquesta Declaraci\u00f3 de Privacitat per a con\u00e8ixer per qu\u00e8 recopilem les seves dades personals i com s\u00f3n\" \/>\n<meta property=\"og:url\" content=\"https:\/\/bmcglobal.net\/ca\/politica-de-privacitat\/\" \/>\n<meta property=\"og:site_name\" content=\"BMC Global\" \/>\n<meta property=\"article:modified_time\" content=\"2022-12-27T12:42:24+00:00\" \/>\n<meta name=\"twitter:card\" content=\"summary_large_image\" \/>\n<meta name=\"twitter:label1\" content=\"Est. reading time\" \/>\n\t<meta name=\"twitter:data1\" content=\"11 minutes\" \/>\n<script type=\"application\/ld+json\" class=\"yoast-schema-graph\">{\"@context\":\"https:\\\/\\\/schema.org\",\"@graph\":[{\"@type\":\"WebPage\",\"@id\":\"https:\\\/\\\/bmcglobal.net\\\/ca\\\/politica-de-privacitat\\\/\",\"url\":\"https:\\\/\\\/bmcglobal.net\\\/ca\\\/politica-de-privacitat\\\/\",\"name\":\"Pol\u00edtica de privacitat - BMC Global\",\"isPartOf\":{\"@id\":\"https:\\\/\\\/bmcglobal.net\\\/ca\\\/#website\"},\"datePublished\":\"2022-03-30T09:27:15+00:00\",\"dateModified\":\"2022-12-27T12:42:24+00:00\",\"description\":\"IMPORTANT: li convidem que llegeixi detingudament aquesta Declaraci\u00f3 de Privacitat per a con\u00e8ixer per qu\u00e8 recopilem les seves dades personals i com s\u00f3n\",\"breadcrumb\":{\"@id\":\"https:\\\/\\\/bmcglobal.net\\\/ca\\\/politica-de-privacitat\\\/#breadcrumb\"},\"inLanguage\":\"ca\",\"potentialAction\":[{\"@type\":\"ReadAction\",\"target\":[\"https:\\\/\\\/bmcglobal.net\\\/ca\\\/politica-de-privacitat\\\/\"]}]},{\"@type\":\"BreadcrumbList\",\"@id\":\"https:\\\/\\\/bmcglobal.net\\\/ca\\\/politica-de-privacitat\\\/#breadcrumb\",\"itemListElement\":[{\"@type\":\"ListItem\",\"position\":1,\"name\":\"Portada\",\"item\":\"https:\\\/\\\/bmcglobal.net\\\/ca\\\/\"},{\"@type\":\"ListItem\",\"position\":2,\"name\":\"Pol\u00edtica de privacitat\"}]},{\"@type\":\"WebSite\",\"@id\":\"https:\\\/\\\/bmcglobal.net\\\/ca\\\/#website\",\"url\":\"https:\\\/\\\/bmcglobal.net\\\/ca\\\/\",\"name\":\"BMC Global\",\"description\":\"Viatges i esdeveniments d'empresa\",\"publisher\":{\"@id\":\"https:\\\/\\\/bmcglobal.net\\\/ca\\\/#organization\"},\"potentialAction\":[{\"@type\":\"SearchAction\",\"target\":{\"@type\":\"EntryPoint\",\"urlTemplate\":\"https:\\\/\\\/bmcglobal.net\\\/ca\\\/?s={search_term_string}\"},\"query-input\":{\"@type\":\"PropertyValueSpecification\",\"valueRequired\":true,\"valueName\":\"search_term_string\"}}],\"inLanguage\":\"ca\"},{\"@type\":\"Organization\",\"@id\":\"https:\\\/\\\/bmcglobal.net\\\/ca\\\/#organization\",\"name\":\"BMC Global\",\"url\":\"https:\\\/\\\/bmcglobal.net\\\/ca\\\/\",\"logo\":{\"@type\":\"ImageObject\",\"inLanguage\":\"ca\",\"@id\":\"https:\\\/\\\/bmcglobal.net\\\/ca\\\/#\\\/schema\\\/logo\\\/image\\\/\",\"url\":\"https:\\\/\\\/bmcglobal.net\\\/wp-content\\\/uploads\\\/logo-bmcglobal.png\",\"contentUrl\":\"https:\\\/\\\/bmcglobal.net\\\/wp-content\\\/uploads\\\/logo-bmcglobal.png\",\"width\":3270,\"height\":709,\"caption\":\"BMC Global\"},\"image\":{\"@id\":\"https:\\\/\\\/bmcglobal.net\\\/ca\\\/#\\\/schema\\\/logo\\\/image\\\/\"}}]}<\/script>\n<!-- \/ Yoast SEO plugin. -->","yoast_head_json":{"title":"Pol\u00edtica de privacitat - BMC Global","description":"IMPORTANT: li convidem que llegeixi detingudament aquesta Declaraci\u00f3 de Privacitat per a con\u00e8ixer per qu\u00e8 recopilem les seves dades personals i com s\u00f3n","robots":{"index":"index","follow":"follow","max-snippet":"max-snippet:-1","max-image-preview":"max-image-preview:large","max-video-preview":"max-video-preview:-1"},"canonical":"https:\/\/bmcglobal.net\/ca\/politica-de-privacitat\/","og_locale":"ca_ES","og_type":"article","og_title":"Pol\u00edtica de privacitat - BMC Global","og_description":"IMPORTANT: li convidem que llegeixi detingudament aquesta Declaraci\u00f3 de Privacitat per a con\u00e8ixer per qu\u00e8 recopilem les seves dades personals i com s\u00f3n","og_url":"https:\/\/bmcglobal.net\/ca\/politica-de-privacitat\/","og_site_name":"BMC Global","article_modified_time":"2022-12-27T12:42:24+00:00","twitter_card":"summary_large_image","twitter_misc":{"Est. reading time":"11 minutes"},"schema":{"@context":"https:\/\/schema.org","@graph":[{"@type":"WebPage","@id":"https:\/\/bmcglobal.net\/ca\/politica-de-privacitat\/","url":"https:\/\/bmcglobal.net\/ca\/politica-de-privacitat\/","name":"Pol\u00edtica de privacitat - BMC Global","isPartOf":{"@id":"https:\/\/bmcglobal.net\/ca\/#website"},"datePublished":"2022-03-30T09:27:15+00:00","dateModified":"2022-12-27T12:42:24+00:00","description":"IMPORTANT: li convidem que llegeixi detingudament aquesta Declaraci\u00f3 de Privacitat per a con\u00e8ixer per qu\u00e8 recopilem les seves dades personals i com s\u00f3n","breadcrumb":{"@id":"https:\/\/bmcglobal.net\/ca\/politica-de-privacitat\/#breadcrumb"},"inLanguage":"ca","potentialAction":[{"@type":"ReadAction","target":["https:\/\/bmcglobal.net\/ca\/politica-de-privacitat\/"]}]},{"@type":"BreadcrumbList","@id":"https:\/\/bmcglobal.net\/ca\/politica-de-privacitat\/#breadcrumb","itemListElement":[{"@type":"ListItem","position":1,"name":"Portada","item":"https:\/\/bmcglobal.net\/ca\/"},{"@type":"ListItem","position":2,"name":"Pol\u00edtica de privacitat"}]},{"@type":"WebSite","@id":"https:\/\/bmcglobal.net\/ca\/#website","url":"https:\/\/bmcglobal.net\/ca\/","name":"BMC Global","description":"Viatges i esdeveniments d'empresa","publisher":{"@id":"https:\/\/bmcglobal.net\/ca\/#organization"},"potentialAction":[{"@type":"SearchAction","target":{"@type":"EntryPoint","urlTemplate":"https:\/\/bmcglobal.net\/ca\/?s={search_term_string}"},"query-input":{"@type":"PropertyValueSpecification","valueRequired":true,"valueName":"search_term_string"}}],"inLanguage":"ca"},{"@type":"Organization","@id":"https:\/\/bmcglobal.net\/ca\/#organization","name":"BMC Global","url":"https:\/\/bmcglobal.net\/ca\/","logo":{"@type":"ImageObject","inLanguage":"ca","@id":"https:\/\/bmcglobal.net\/ca\/#\/schema\/logo\/image\/","url":"https:\/\/bmcglobal.net\/wp-content\/uploads\/logo-bmcglobal.png","contentUrl":"https:\/\/bmcglobal.net\/wp-content\/uploads\/logo-bmcglobal.png","width":3270,"height":709,"caption":"BMC Global"},"image":{"@id":"https:\/\/bmcglobal.net\/ca\/#\/schema\/logo\/image\/"}}]}},"_links":{"self":[{"href":"https:\/\/bmcglobal.net\/ca\/wp-json\/wp\/v2\/pages\/1396","targetHints":{"allow":["GET"]}}],"collection":[{"href":"https:\/\/bmcglobal.net\/ca\/wp-json\/wp\/v2\/pages"}],"about":[{"href":"https:\/\/bmcglobal.net\/ca\/wp-json\/wp\/v2\/types\/page"}],"author":[{"embeddable":true,"href":"https:\/\/bmcglobal.net\/ca\/wp-json\/wp\/v2\/users\/1"}],"replies":[{"embeddable":true,"href":"https:\/\/bmcglobal.net\/ca\/wp-json\/wp\/v2\/comments?post=1396"}],"version-history":[{"count":1,"href":"https:\/\/bmcglobal.net\/ca\/wp-json\/wp\/v2\/pages\/1396\/revisions"}],"predecessor-version":[{"id":2479,"href":"https:\/\/bmcglobal.net\/ca\/wp-json\/wp\/v2\/pages\/1396\/revisions\/2479"}],"wp:attachment":[{"href":"https:\/\/bmcglobal.net\/ca\/wp-json\/wp\/v2\/media?parent=1396"}],"curies":[{"name":"wp","href":"https:\/\/api.w.org\/{rel}","templated":true}]}}